{"id":100,"date":"2019-10-15T17:19:24","date_gmt":"2019-10-15T15:19:24","guid":{"rendered":"http:\/\/pknjrj.opatovska.sk\/?page_id=100"},"modified":"2022-11-14T23:51:33","modified_gmt":"2022-11-14T21:51:33","slug":"akcie","status":"publish","type":"page","link":"https:\/\/pknej.opatovska.sk\/?page_id=100","title":{"rendered":"Akcie"},"content":{"rendered":"<strong>Nemeck\u00fd bilingv\u00e1l a Deutsche Telekom si na\u0161li k sebe cestu<\/strong>\n\n<strong><\/strong>\n\n\u017diaci z\u00a0nemeck\u00e9ho bilingv\u00e1lneho \u0161t\u00fadia\u00a0vo \u0161tvrtok 27.10.2022 nav\u0161t\u00edvili priestory<em><strong>\u00a0Deutsche Telekomu v Ko\u0161iciach<\/strong><\/em>. Cie\u013eom\u00a0 n\u00e1v\u0161tevy nemeckej skupiny z 5.NB bolo\u00a0<em><strong>obozn\u00e1mi\u0165 sa so z\u00e1kladmi Scrumu<\/strong><\/em>\u00a0prostredn\u00edctvom hry Scrum upratovanie a<em><strong>\u00a0pomocou hry programovanie robotov so stavebnicou LEGO MINDSTORMS<\/strong><\/em>, vysk\u00fa\u0161a\u0165 si t\u00edmov\u00fa spolupr\u00e1cu, t\u00edmov\u00e9 u\u010denie a budova\u0165 vz\u00e1jomn\u00fa d\u00f4veru a re\u0161pekt v t\u00edme.\n\n<strong> <\/strong>\n\nVznikla tak spolupr\u00e1ca na\u0161ej \u0161koly s nemeckou firmou Deutsche Telekom, \u010domu sa ve\u013emi te\u0161\u00edme.\n\n<strong> <\/strong>\n\nScrum &#8211; modern\u00fd pr\u00edstup k rie\u0161eniu probl\u00e9mov\n\n<strong> <\/strong>\n\n&#8211; je syst\u00e9m na organizovanie pr\u00e1ce\n\n<strong> <\/strong>\n\n&#8211; je sp\u00f4sob, ktor\u00fdm dok\u00e1\u017eeme nap\u013a\u0148a\u0165 ciele\n<h4 id=\"news_DFHeading_1-5034\" class=\"skgd skgdli-news_ListItem_1-news_DFHeading_1\" data-sgid=\"news_DFHeading_1-5034\">Koncert nemeckej rockovej kapely\u00a0&#8222;OK. Danke. Tsch\u00fc\u00df&#8220;<\/h4>\nD\u0148a\u00a0<strong>3.10.2022\u00a0<\/strong>sa v priestoroch telocvi\u010dne Gymn\u00e1zia Opatovsk\u00e1 cesta 7 uskuto\u010dnil zauj\u00edmav\u00fd koncert nemeckej rockovej kapely\u00a0<strong>&#8222;OK. Danke. Tsch\u00fc\u00df&#8220;,<\/strong>\u00a0 ktor\u00e9ho sa z\u00fa\u010dastnili na\u0161i \u017eiaci z tried V.OA, VI.OA, 1.NB, 2.NB a 3.NB ako i hostia z Gymn\u00e1zia na Trebi\u0161ovskej a \u0160rob\u00e1rovej ulici.\u00a0 Koncert prebehol vo ve\u013emi prijemnej\u00a0atmosf\u00e9re, hudobn\u00fd v\u00fdkon skupiny i spev\u00e1kov bol \u00fa\u017easn\u00fd, texty piesn\u00ed ve\u013emi aktu\u00e1lne a svojou problematikou bl\u00edzke mlad\u00fdm \u013eu\u010fom,\u00a0<strong>v rapovom resp. hip-hopovom \u0161t\u00fdle<\/strong>,\u00a0ktor\u00fd mlad\u00fdch z \u010dasti roztancoval , ale hlavne ur\u010dite oslovil. Technick\u00e9 zabezpe\u010denie koncertu prevzala jedna\u00a0 z ko\u0161ick\u00fdch firiem a zabezpe\u010dila tak posluchov\u00fd z\u00e1\u017eitok na kvalitat\u00edvne vysokej \u00farovni.\u00a0 N\u00e1sledne nato,\u00a0<strong>4.10.2022,<\/strong>\u00a0absolvovali \u017eiaci\u00a0<strong>workshoppov\u00fd program<\/strong>\u00a0s 2 \u010dlenmi skupiny pod veden\u00edm nemeck\u00e9ho pedag\u00f3ga spolupracuj\u00faceho s\u00a0<strong>&#8222;Deutsche Welle&#8220; a &#8222;Goethe in\u0161tit\u00fatom&#8220;\u00a0,<\/strong> pod ktor\u00e9ho z\u00e1\u0161titou sa cel\u00e1 akcia konala. \u00da\u010dastn\u00edci workshopu mali mo\u017enos\u0165 u\u010di\u0165 sa nem\u010dinu trochu netradi\u010dne pomocou textov piesn\u00ed, pomocou z\u00e1bavn\u00fdch komunika\u010dn\u00fdch a pohybov\u00fdch\u00a0 aktiv\u00edt, \u010do sa s u \u017eiackej skupiny stretlo s ve\u013emi pozit\u00edvnou odozvou, pri\u010dom z\u00edska\u0165 CD aj s autogramom \u010dlena skupiny, nebol v\u00f4bec \u017eiaden probl\u00e9m. D\u00fafajme, \u017ee za\u010dat\u00e1 spolupr\u00e1ca \u0161koly a Goetheho in\u0161tit\u00fatu sa bude i na\u010falej rozv\u00edja\u0165 v duchu organizovania podobn\u00fdch akci\u00ed.\n\n<strong>Olympi\u00e1da z nemeck\u00e9ho jazyka v \u0161kolskom roku 2021\/2022\u00a0<\/strong>\n\nV tomto \u0161kolskom roku n\u00e1\u0161 \u010dak\u00e1 aj o\u010dak\u00e1van\u00e1 olympi\u00e1da z nemeck\u00e9ho jazyka. Na\u0161i \u017eiaci sa jej m\u00f4\u017eu z\u00fa\u010dastni\u0165 vo v\u0161etk\u00fdch kateg\u00f3ri\u00e1ch. <span class=\"fontstyle0\"><strong><span style=\"color: #ff0000;\">Term\u00edn \u0161kolsk\u00e9ho kola ONJ<\/span><\/strong> pre k<\/span><span class=\"fontstyle2\">ateg\u00f3rie <span style=\"color: #ff0000;\"><strong>1A, 1B, 1C, 2A, 2B, 2D, 2C<\/strong><\/span> je <strong><span style=\"color: #ff0000;\">piatok 26. 11. 2021<\/span><\/strong>\n<\/span><span class=\"fontstyle0\">Obsah s\u00fa\u0165a\u017ee:\na) Online test <\/span><span class=\"fontstyle2\">(max. po\u010det bodov \u2013 50) <\/span><span class=\"fontstyle0\">\u2013 po\u010d\u00favanie a \u010d\u00edtanie s porozumen\u00edm, test na gramatiku a slovn\u00fa z\u00e1sobu\n<\/span><span class=\"fontstyle2\">(Test je pripraven\u00fd Celo\u0161t\u00e1tnou odbornou komisiou ONJ).\n<\/span><span class=\"fontstyle0\">b) \u00dastnu \u010das\u0165 s\u00fa\u0165a\u017ee <\/span><span class=\"fontstyle2\">zrealizuje \u0161kola vo vlastnej r\u00e9\u017eii najnesk\u00f4r <\/span><span class=\"fontstyle0\">do 3. 12. 2021.<\/span>\n\nBli\u017e\u0161ie usmernenia k jednotliv\u00fdm kateg\u00f3ri\u00e1m s\u00fa k nahliadnutiu tu:\n\n\u0160kolsk\u00e9 kolo ONJ: <a href=\"http:\/\/pknjrj.opatovska.sk\/wp-content\/uploads\/2021\/10\/USMERNENIE_sk32ONJ21_22.pdf\">USMERNENIE_sk32ONJ21_22<\/a>\n\nOkresn\u00e9 kolo ONJ:\u00a0<a href=\"http:\/\/pknjrj.opatovska.sk\/wp-content\/uploads\/2021\/10\/USMERNENIE_ok14OSJL21_22.pdf\">USMERNENIE_ok14OSJL21_22<\/a>\n\n<strong>Krajsk\u00e9 kolo olympi\u00e1dy v nemeckom jazyku 2020\/2021<\/strong>\n\nD\u0148a 9.2.2021 sa konalo <strong>krajsk\u00e9 kolo olympi\u00e1dy v nemeckom jazyku<\/strong>, ktor\u00e9 prebiehalo online formou. Na\u0161u \u0161kolu reprezentovali 4 \u017eiaci:\n\nKateg\u00f3ria 2C:\n\n<strong>Papcu\u0148\u00e1rov\u00e1 Martina, I.NB, 2.miesto (\u00faspe\u0161n\u00fd rie\u0161ite\u013e)<\/strong>\n\nKateg\u00f3ria 1C:\n<strong>Karin S\u00e1ra Michalko, IV.OA, 2.miesto (\u00faspe\u0161n\u00fd rie\u0161ite\u013e)<\/strong>\n\nKateg\u00f3ria 1B:\n\n<strong>Michal Sanislo, III.OA, 4.miesto (\u00faspe\u0161n\u00fd rie\u0161ite\u013e)<\/strong>\n\nKateg\u00f3ria 1A:\n<strong>Janka \u013dochov\u00e1, II.OA, 11.miesto<\/strong>\n\n<strong>V\u0161etk\u00fdm srde\u010dne blaho\u017eel\u00e1me!<\/strong>\n\n<strong>Okresn\u00e9 kolo olympi\u00e1dy v nemeckom jazyku<\/strong>\n\nTohto roku sa na\u0161i \u017eiaci aj\u00a0napriek pand\u00e9mii zapojili\u00a0do olympi\u00e1dy z\u00a0nemeck\u00e9ho jazyka\u00a0a\u00a0v\u00a0ka\u017edej kateg\u00f3rii dosiahli\u00a0<strong><em>\u00fa\u017easn\u00fd \u00faspech<\/em><\/strong>.\u00a0<strong><em>O<\/em><\/strong><strong><em>kresn\u00e9 kolo olympi\u00e1dy v nemeckom jazyku\u00a0<\/em>sa konalo\u00a0<\/strong>d\u0148a 20.01.2021 a prebiehalo online formou. Na\u0161u \u0161kolu reprezentovali \u017eiaci v dvoch kateg\u00f3ri\u00e1ch, pri\u010dom\u00a0v\u0161etci\u00a0boli\u00a0\u00faspe\u0161n\u00fdmi rie\u0161ite\u013emi!\u00a0Umiestnili sa nasledovne:\n\n<strong>\u00a0Kateg\u00f3ria\u00a01A: \u00a0<\/strong>\n\n<strong><em>\u00a0Janka \u013dochov\u00e1, II.OA,\u00a02.miesto<\/em>\u00a0\u00a0<\/strong>\n\n<strong><em>Amiri Idris, I.OA,\u00a03.miesto \u00a0<\/em><\/strong>\n\nKateg\u00f3ria\u00a01B:\n\n<strong><em>Michal Sanislo, III.OA, 1.miesto\u00a0<\/em><\/strong><strong>\u00a0\u00a0<\/strong>\n\n<strong><em>Alex Albrecht, IV.OA, 6.miesto \u00a0<\/em><\/strong>\n\n<em><strong>V\u0161etk\u00fdm srde\u010dne blaho\u017eel\u00e1me! Janke, Michalovi, Karin\u00a0<\/strong><\/em><em><strong>(4.OA, kateg\u00f3ria 1C),<\/strong><\/em><em><strong>\u00a0a Martine (1.NB, kateg\u00f3ria 2C)\u00a0 ktor\u00e9 postupuj\u00fa priamo zo \u0161kolsk\u00e9ho kola, dr\u017e\u00edme palce v krajskom kole. Viel Gl<\/strong><\/em><em><strong>\u00fcck<\/strong><\/em><em><strong>!<\/strong><\/em>\n\n<strong>Olympi\u00e1da nemeck\u00e9ho jazyka &#8211; \u0161kolsk\u00e9 kolo\u00a0<\/strong>\n\n26.a 27.11. sa konalo \u0161kolsk\u00e9 kolo ONJ. Tentokr\u00e1t nie prezen\u010dne, ale online formou. \u017diaci mali za \u00falohu porozumie\u0165 p\u00edsan\u00e9mu textu i hovoren\u00e9mu slovu, vyrie\u0161i\u0165 gramatick\u00fd test, op\u00edsa\u0165 obr\u00e1zok a rozpr\u00e1va\u0165 na ur\u010den\u00e9 t\u00e9my.\n\nV\u00fdsledky:\n\nkateg\u00f3ria 1A (1. \u2013 2. ro\u010d. osemro\u010dn\u00e9ho \u0161t\u00fadia)\n\n1. miesto Janka \u013dochov\u00e1 2.OA\n\n2. miesto Idris Amiri 1.OA\n\nkateg\u00f3ria 1B (3. \u2013 4.. ro\u010d. osemro\u010dn\u00e9ho \u0161t\u00fadia)\n\n1. miesto Michal Sanislo 3.OA\n\n2. miesto Alex Albrecht 4.OA\n\n3. miesto Ter\u00e9zia Bia\u010dkov\u00e1 3.OA\n\nkateg\u00f3ria 1C (\u017eiaci s dlhodob\u00fdm pobytom v nemecky hovoriacej krajine)\n\n1. miesto Karin S\u00e1ra Michalko 4.OA\n\n2. miesto Patrik Michalko 1.OA\n\nkateg\u00f3ria 2A\u2013 (1. \u2013 2.ro\u010d.)\n\n1. miesto Krist\u00edna Charlotte Mazancov\u00e1 1.A\n\n2. miesto Anna Le\u0161kov\u00e1 2.AB\n\nkateg\u00f3ria 2B \u2013 (3. \u2013 4.ro\u010d.)\n\n1. miesto Martin Hurtuk 4.A\n\n2. miesto Diana Vencelov\u00e1 4.AB\n\n3. miesto Timea Beli\u0161ov\u00e1 4.A\n\nkateg\u00f3ria 2C \u2013 ( bilingv\u00e1lne triedy- v\u0161etky ro\u010dn\u00edky)\n\nmiesto Martina Papcu\u0148\u00e1rov\u00e1 1.NB\nmiesto Alexandra Ba\u010dov\u00e1 2.NB\nmiesto Leonard W\u00f6stmann 2.NB\n\nV\u00ed\u0165azom srde\u010dne blaho\u017eel\u00e1me !\n\n<strong>Krajsk\u00e9 kolo nemeckej olympi\u00e1dy<\/strong>\n\nOn: 13. febru\u00e1ra 2020\nV r\u00e1mci spolupr\u00e1ce so \u0161kolsk\u00fdm \u00faradom a filozofickou fakultou UPJS sa konalo 11. 2. 2020 krajsk\u00e9 kolo olympi\u00e1dy z nemeck\u00e9ho jazyka pre \u017eiakov z\u00e1kladn\u00fdch a stredn\u00fdch \u0161k\u00f4l.\n\u2014 Alexandra BA\u010cOV\u00c1 z 1. NB- triedy n\u00e1s reprezentovla v kateg\u00f3rii 2C a Marek HRABKOVSK\u00dd v kateg\u00f3rii 2B, kde Alexandra dosiahla v svojej kateg\u00f3rii 3. miesto.\n\u2014 V kateg\u00f3rii mlad\u0161\u00edch \u017eiakov n\u00e1s \u00faspe\u0161ene reprezentovali \u017eiaci osemro\u010dn\u00e9ho gymn\u00e1zia: Mat\u00fa\u0161 SI\u010c\u00c1K z 2. OA v kateg\u00f3rii 1A a Karin MICHALKOVA z 3. OA v kateg\u00f3rii 1C, pri\u010dom sa Karin MICHALKOVA umiestnila na 1. mieste a vybojovala si tak \u00fa\u010das\u0165 v celoslovenskom kole.\nSrde\u010dne blaho\u017eel\u00e1me a \u010fakujeme za \u00faspe\u0161n\u00fa reprezent\u00e1ciu!","protected":false},"excerpt":{"rendered":"<p>Nemeck\u00fd bilingv\u00e1l a Deutsche Telekom si na\u0161li k sebe cestu \u017diaci z\u00a0nemeck\u00e9ho bilingv\u00e1lneho \u0161t\u00fadia\u00a0vo \u0161tvrtok 27.10.2022 nav\u0161t\u00edvili priestory\u00a0Deutsche Telekomu v Ko\u0161iciach. Cie\u013eom\u00a0 n\u00e1v\u0161tevy nemeckej skupiny z 5.NB bolo\u00a0obozn\u00e1mi\u0165 sa so z\u00e1kladmi Scrumu\u00a0prostredn\u00edctvom hry Scrum upratovanie a\u00a0pomocou hry programovanie robotov so stavebnicou LEGO MINDSTORMS, vysk\u00fa\u0161a\u0165 si t\u00edmov\u00fa spolupr\u00e1cu, t\u00edmov\u00e9 u\u010denie a budova\u0165 vz\u00e1jomn\u00fa d\u00f4veru a re\u0161pekt [&hellip;]<\/p>\n","protected":false},"author":1,"featured_media":0,"parent":0,"menu_order":0,"comment_status":"closed","ping_status":"closed","template":"","meta":{"footnotes":""},"class_list":["post-100","page","type-page","status-publish","hentry"],"_links":{"self":[{"href":"https:\/\/pknej.opatovska.sk\/index.php?rest_route=\/wp\/v2\/pages\/100","targetHints":{"allow":["GET"]}}],"collection":[{"href":"https:\/\/pknej.opatovska.sk\/index.php?rest_route=\/wp\/v2\/pages"}],"about":[{"href":"https:\/\/pknej.opatovska.sk\/index.php?rest_route=\/wp\/v2\/types\/page"}],"author":[{"embeddable":true,"href":"https:\/\/pknej.opatovska.sk\/index.php?rest_route=\/wp\/v2\/users\/1"}],"replies":[{"embeddable":true,"href":"https:\/\/pknej.opatovska.sk\/index.php?rest_route=%2Fwp%2Fv2%2Fcomments&post=100"}],"version-history":[{"count":9,"href":"https:\/\/pknej.opatovska.sk\/index.php?rest_route=\/wp\/v2\/pages\/100\/revisions"}],"predecessor-version":[{"id":566,"href":"https:\/\/pknej.opatovska.sk\/index.php?rest_route=\/wp\/v2\/pages\/100\/revisions\/566"}],"wp:attachment":[{"href":"https:\/\/pknej.opatovska.sk\/index.php?rest_route=%2Fwp%2Fv2%2Fmedia&parent=100"}],"curies":[{"name":"wp","href":"https:\/\/api.w.org\/{rel}","templated":true}]}}