{"id":106,"date":"2019-10-15T17:22:07","date_gmt":"2019-10-15T15:22:07","guid":{"rendered":"http:\/\/pknjrj.opatovska.sk\/?page_id=106"},"modified":"2022-07-01T14:11:41","modified_gmt":"2022-07-01T12:11:41","slug":"sutaze","status":"publish","type":"page","link":"https:\/\/pknej.opatovska.sk\/?page_id=106","title":{"rendered":"S\u00fa\u0165a\u017ee"},"content":{"rendered":"<div class=\"x_elementToProof\"><strong>Juvenes Translatores<\/strong><\/div>\n<div class=\"x_elementToProof\"><\/div>\n<div class=\"x_elementToProof\">S\u00fa\u0165a\u017e sa konala 2.6.2022, z\u00fa\u010dastnilo sa je 33 \u017eiakov, ktor\u00ed mali prelo\u017ei\u0165 Eur\u00f3pskou \u00faniou zadan\u00fd text <strong>&#8220; Es geht nur gemeinsam&#8220;<\/strong> z nemeck\u00e9ho do slovensk\u00e9ho jazyka. S\u00fa\u0165a\u017ee sa z\u00fa\u010dastnili \u017eiaci v\u0161etk\u00fdch bilingv\u00e1lnych tried a bud\u00fa hodnoten\u00ed v dvoch kateg\u00f3ri\u00e1ch: Star\u0161\u00ed \u017eiaci ( tret\u00ed a \u0161tvrt\u00fd ro\u010dn\u00edk) a mlad\u0161\u00ed \u017eiaci ( prv\u00fd a druh\u00fd ro\u010dn\u00edk) . Pre vysok\u00fa obsadenos\u0165\u00a0 s\u00fa\u0165a\u017ee a \u010dasov\u00fa n\u00e1ro\u010dnos\u0165 na korekciu textov bud\u00fa v\u00fdsledky zverejnen\u00e9 a\u017e koncom mesiaca j\u00fan 2022.<\/div>\n<div><a href=\"http:\/\/pknjrj.opatovska.sk\/wp-content\/uploads\/2022\/07\/20220602_1152461-scaled.jpg\"><img loading=\"lazy\" decoding=\"async\" class=\"alignnone size-medium wp-image-531\" src=\"http:\/\/pknjrj.opatovska.sk\/wp-content\/uploads\/2022\/07\/20220602_1152461-300x225.jpg\" alt=\"\" width=\"300\" height=\"225\" srcset=\"https:\/\/pknej.opatovska.sk\/wp-content\/uploads\/2022\/07\/20220602_1152461-300x225.jpg 300w, https:\/\/pknej.opatovska.sk\/wp-content\/uploads\/2022\/07\/20220602_1152461-1024x768.jpg 1024w, https:\/\/pknej.opatovska.sk\/wp-content\/uploads\/2022\/07\/20220602_1152461-768x576.jpg 768w, https:\/\/pknej.opatovska.sk\/wp-content\/uploads\/2022\/07\/20220602_1152461-1536x1152.jpg 1536w, https:\/\/pknej.opatovska.sk\/wp-content\/uploads\/2022\/07\/20220602_1152461-2048x1536.jpg 2048w, https:\/\/pknej.opatovska.sk\/wp-content\/uploads\/2022\/07\/20220602_1152461-1365x1024.jpg 1365w, https:\/\/pknej.opatovska.sk\/wp-content\/uploads\/2022\/07\/20220602_1152461-618x464.jpg 618w, https:\/\/pknej.opatovska.sk\/wp-content\/uploads\/2022\/07\/20220602_1152461-138x104.jpg 138w, https:\/\/pknej.opatovska.sk\/wp-content\/uploads\/2022\/07\/20220602_1152461-444x333.jpg 444w\" sizes=\"auto, (max-width: 300px) 100vw, 300px\" \/><\/a> <a href=\"http:\/\/pknjrj.opatovska.sk\/wp-content\/uploads\/2022\/07\/20220602_1154231-scaled.jpg\"><img loading=\"lazy\" decoding=\"async\" class=\"alignnone size-medium wp-image-530\" src=\"http:\/\/pknjrj.opatovska.sk\/wp-content\/uploads\/2022\/07\/20220602_1154231-300x225.jpg\" alt=\"\" width=\"300\" height=\"225\" srcset=\"https:\/\/pknej.opatovska.sk\/wp-content\/uploads\/2022\/07\/20220602_1154231-300x225.jpg 300w, https:\/\/pknej.opatovska.sk\/wp-content\/uploads\/2022\/07\/20220602_1154231-1024x768.jpg 1024w, https:\/\/pknej.opatovska.sk\/wp-content\/uploads\/2022\/07\/20220602_1154231-768x576.jpg 768w, https:\/\/pknej.opatovska.sk\/wp-content\/uploads\/2022\/07\/20220602_1154231-1536x1152.jpg 1536w, https:\/\/pknej.opatovska.sk\/wp-content\/uploads\/2022\/07\/20220602_1154231-2048x1536.jpg 2048w, https:\/\/pknej.opatovska.sk\/wp-content\/uploads\/2022\/07\/20220602_1154231-1365x1024.jpg 1365w, https:\/\/pknej.opatovska.sk\/wp-content\/uploads\/2022\/07\/20220602_1154231-618x464.jpg 618w, https:\/\/pknej.opatovska.sk\/wp-content\/uploads\/2022\/07\/20220602_1154231-138x104.jpg 138w, https:\/\/pknej.opatovska.sk\/wp-content\/uploads\/2022\/07\/20220602_1154231-444x333.jpg 444w\" sizes=\"auto, (max-width: 300px) 100vw, 300px\" \/><\/a> <a href=\"http:\/\/pknjrj.opatovska.sk\/wp-content\/uploads\/2022\/07\/20220602_1154161-scaled.jpg\"><img loading=\"lazy\" decoding=\"async\" class=\"alignnone size-medium wp-image-529\" src=\"http:\/\/pknjrj.opatovska.sk\/wp-content\/uploads\/2022\/07\/20220602_1154161-300x225.jpg\" alt=\"\" width=\"300\" height=\"225\" srcset=\"https:\/\/pknej.opatovska.sk\/wp-content\/uploads\/2022\/07\/20220602_1154161-300x225.jpg 300w, https:\/\/pknej.opatovska.sk\/wp-content\/uploads\/2022\/07\/20220602_1154161-1024x768.jpg 1024w, https:\/\/pknej.opatovska.sk\/wp-content\/uploads\/2022\/07\/20220602_1154161-768x576.jpg 768w, https:\/\/pknej.opatovska.sk\/wp-content\/uploads\/2022\/07\/20220602_1154161-1536x1152.jpg 1536w, https:\/\/pknej.opatovska.sk\/wp-content\/uploads\/2022\/07\/20220602_1154161-2048x1536.jpg 2048w, https:\/\/pknej.opatovska.sk\/wp-content\/uploads\/2022\/07\/20220602_1154161-1365x1024.jpg 1365w, https:\/\/pknej.opatovska.sk\/wp-content\/uploads\/2022\/07\/20220602_1154161-618x464.jpg 618w, https:\/\/pknej.opatovska.sk\/wp-content\/uploads\/2022\/07\/20220602_1154161-138x104.jpg 138w, https:\/\/pknej.opatovska.sk\/wp-content\/uploads\/2022\/07\/20220602_1154161-444x333.jpg 444w\" sizes=\"auto, (max-width: 300px) 100vw, 300px\" \/><\/a><\/div>\n<p>Celo\u0161t\u00e1tne kolo\u00a0 <strong>olympi\u00e1dy z nemeck\u00e9ho jazyka 2021\/2022<\/strong><\/p>\n<p>D\u0148a 22.3.2022 sa na\u0161a \u017eia\u010dka <strong>Karin S\u00e1ra\u00a0Michalkov\u00e1\u00a0z\u00a05. OA<\/strong> z\u00fa\u010dastnila na <strong>celo\u0161t\u00e1tnom kole<\/strong> olympi\u00e1dy z\u00a0nemeck\u00e9ho jazyka v\u00a0kateg\u00f3rii 2C. Vybojovala si kr\u00e1sne<strong> 7.miesto<\/strong>! K\u00a0tomuto \u00fa\u017easn\u00e9mu \u00faspechu jej srde\u010dne gratulujeme,\u00a0\u010fakujeme za\u00a0kr\u00e1snu reprezent\u00e1ciu na\u0161ej \u0161koly a\u00a0prajeme ve\u013ea \u00faspechov v\u00a0\u010fal\u0161\u00edch s\u00fa\u0165a\u017eiach.<\/p>\n<p><strong>Okresn\u00e9 kolo olympi\u00e1dy z nemeck\u00e9ho jazyka 2021\/2022<\/strong><\/p>\n<p>D\u0148a 19.1.2021 s\u00fa\u0165a\u017eilo 6 na\u0161ich \u017eiakov v\u00a0<strong>okresnom kole\u00a0olympi\u00e1dy z\u00a0nemeck\u00e9ho jazyka<\/strong> v\u00a0kateg\u00f3ri\u00e1ch 1A, 1B a\u00a02A. Pre s\u00fa\u010dasn\u00e9 obmedzenia sa konalo toto kolo online formou. Na\u0161im \u017eiakom sa naozaj darilo a\u00a0dvaja si vybojovali aj postup do krajsk\u00e9ho kola. \u00a0Umiestnili nasledovne:<\/p>\n<p><strong>Kateg\u00f3ria 1A:<\/strong><\/p>\n<p>2.miesto: Kafka Luk\u00e1\u0161, 2.OA\u00a0 (postupuje do krajsk\u00e9ho kola)<\/p>\n<p>3.miesto: Amiri Idris, 2.OA<\/p>\n<p><strong>Kateg\u00f3ria 1B:<\/strong><\/p>\n<p>1.miesto: Sanislo Michal, 4.OA \u00a0(postupuje do krajsk\u00e9ho kola)<\/p>\n<p>5.miesto: Hada\u0161ov\u00e1 Nat\u00e1lia, 3.OA<\/p>\n<p><strong>\u00a0<\/strong><strong>Kateg\u00f3ria 2A:<\/strong><\/p>\n<p>3.miesto: Mazancov\u00e1 Krist\u00edna, 2.A<\/p>\n<p>5.miesto: Spielvogelov\u00e1 Lea, 5.OA<\/p>\n<p>V\u0161etk\u00fdm srde\u010dne gratulujeme a\u00a0postupuj\u00facim dr\u017e\u00edme palce v\u00a0krajskom kole!<\/p>\n<p><strong>\u0160kolsk\u00e9 kolo olympi\u00e1dy z nemeck\u00e9ho jazyka v \u0161k. roku 2021\/2022:\u00a0<\/strong><\/p>\n<p>D\u0148a 26.11.2021 s\u00fa\u0165a\u017eilo 27 odv\u00e1\u017enych \u017eiakov v\u00a0olympi\u00e1de z\u00a0nemeck\u00e9ho jazyka takmer vo v\u0161etk\u00fdch kateg\u00f3ri\u00e1ch v prvej \u010dasti \u0161kolsk\u00e9ho kola, ktor\u00e9 sa konalo online formou. V pondelok 29.11.2021 a\u00a0v\u00a0utorok 30.11.2021 prebehla \u00fastna \u010das\u0165 prezen\u010dne. Na\u0161i \u017eiaci si tak preverili svoje jazykov\u00e9 schopnosti a\u00a0zru\u010dnosti po v\u0161etk\u00fdch str\u00e1nkach. T\u00ed najlep\u0161\u00ed sa umiestnili nasledovne:<\/p>\n<p><strong>Kateg\u00f3ria 1A:<\/strong><\/p>\n<p>1.miesto: Amiri Idris, 2.OA<\/p>\n<p>2.miesto: Kafka Luk\u00e1\u0161, 2.OA<\/p>\n<p>3.miesto: Rapo\u0161\u00a0 Maximili\u00e1n, 2.OA<\/p>\n<p><strong>Kateg\u00f3ria 1B:<\/strong><\/p>\n<p>1.miesto: Sanislo Michal, 4.OA<\/p>\n<p>2.miesto: Hada\u0161ov\u00e1 Nat\u00e1lia, 3.OA<\/p>\n<p>3.miesto: Hud\u00e1k Oliver, 3.OA<\/p>\n<p><strong>Kateg\u00f3ria 1C (mlad\u0161\u00ed germanof\u00f3nny \u017eiaci):<\/strong><\/p>\n<p>1.miesto: Michalko Patrik, 2.OA<\/p>\n<p><strong>Kateg\u00f3ria 2A:<\/strong><\/p>\n<p>1.miesto: Spielvogelov\u00e1 Lea, 5.OA<\/p>\n<p>2.miesto: Mazancov\u00e1 Krist\u00edna, 2.A<\/p>\n<p><strong>Kateg\u00f3ria 2C (star\u0161\u00ed germanof\u00f3nny \u017eiaci):<\/strong><\/p>\n<p>1.miesto: Michalkov\u00e1 Karin, 5.OA<\/p>\n<p>2.miesto: Nov\u00e1kov\u00e1 Nina, 2.NB<\/p>\n<p>3.miesto: Boh\u00e1\u010d Vojtech, 1.NB<\/p>\n<p>V\u0161etk\u00fdm srde\u010dne blaho\u017eel\u00e1me! Do vy\u0161\u0161\u00edch k\u00f4l postupuj\u00fa: Idris, Luk\u00e1\u0161, Michal, Nat\u00e1lia, Patrik, Lea, Krist\u00edna,\u00a0Karin.<\/p>\n<p><strong>Olympi\u00e1da z nemeck\u00e9ho jazyka v \u0161kolskom roku 2021\/2022\u00a0<\/strong><\/p>\n<p>V tomto \u0161kolskom roku n\u00e1\u0161 \u010dak\u00e1 aj o\u010dak\u00e1van\u00e1 olympi\u00e1da z nemeck\u00e9ho jazyka. Na\u0161i \u017eiaci sa jej m\u00f4\u017eu z\u00fa\u010dastni\u0165 vo v\u0161etk\u00fdch kateg\u00f3ri\u00e1ch. <span class=\"fontstyle0\"><strong><span style=\"color: #ff0000;\">Term\u00edn \u0161kolsk\u00e9ho kola ONJ<\/span><\/strong> pre k<\/span><span class=\"fontstyle2\">ateg\u00f3rie <span style=\"color: #ff0000;\"><strong>1A, 1B, 1C, 2A, 2B, 2D, 2C<\/strong><\/span> je <strong><span style=\"color: #ff0000;\">piatok 26. 11. 2021<\/span><\/strong><br \/>\n<\/span><span class=\"fontstyle0\">Obsah s\u00fa\u0165a\u017ee:<br \/>\na) Online test <\/span><span class=\"fontstyle2\">(max. po\u010det bodov \u2013 50) <\/span><span class=\"fontstyle0\">\u2013 po\u010d\u00favanie a \u010d\u00edtanie s porozumen\u00edm, test na gramatiku a slovn\u00fa z\u00e1sobu<br \/>\n<\/span><span class=\"fontstyle2\">(Test je pripraven\u00fd Celo\u0161t\u00e1tnou odbornou komisiou ONJ).<br \/>\n<\/span><span class=\"fontstyle0\">b) \u00dastnu \u010das\u0165 s\u00fa\u0165a\u017ee <\/span><span class=\"fontstyle2\">zrealizuje \u0161kola vo vlastnej r\u00e9\u017eii najnesk\u00f4r <\/span><span class=\"fontstyle0\">do 3. 12. 2021.<\/span><\/p>\n<p>Bli\u017e\u0161ie usmernenia k jednotliv\u00fdm kateg\u00f3ri\u00e1m s\u00fa k nahliadnutiu tu:<\/p>\n<p>\u0160kolsk\u00e9 kolo ONJ: <a href=\"http:\/\/pknjrj.opatovska.sk\/wp-content\/uploads\/2021\/10\/USMERNENIE_sk32ONJ21_22.pdf\">USMERNENIE_sk32ONJ21_22<\/a><\/p>\n<p>Okresn\u00e9 kolo ONJ:\u00a0<a href=\"http:\/\/pknjrj.opatovska.sk\/wp-content\/uploads\/2021\/10\/USMERNENIE_ok14OSJL21_22.pdf\">USMERNENIE_ok14OSJL21_22<\/a><\/p>\n<p><strong>Krajsk\u00e9 kolo olympi\u00e1dy v nemeckom jazyku 2020\/2021<\/strong><\/p>\n<p>D\u0148a 9.2.2021 sa konalo\u00a0<strong>krajsk\u00e9 kolo olympi\u00e1dy v nemeckom jazyku<\/strong>, ktor\u00e9 prebiehalo online formou. Na\u0161u \u0161kolu reprezentovali 4 \u017eiaci:<\/p>\n<p>Kateg\u00f3ria 2C:<\/p>\n<p><strong>Papcu\u0148\u00e1rov\u00e1 Martina, I.NB, 2.miesto (\u00faspe\u0161n\u00fd rie\u0161ite\u013e)<\/strong><\/p>\n<p>Kateg\u00f3ria 1C:<br \/>\n<strong>Karin S\u00e1ra Michalko, IV.OA, 2.miesto (\u00faspe\u0161n\u00fd rie\u0161ite\u013e)<\/strong><\/p>\n<p>Kateg\u00f3ria 1B:<\/p>\n<p><strong>Michal Sanislo, III.OA, 4.miesto (\u00faspe\u0161n\u00fd rie\u0161ite\u013e)<\/strong><\/p>\n<p>Kateg\u00f3ria 1A:<br \/>\n<strong>Janka \u013dochov\u00e1, II.OA, 11.miesto<\/strong><\/p>\n<p><strong>V\u0161etk\u00fdm srde\u010dne blaho\u017eel\u00e1me!<\/strong><\/p>\n<p><strong>Okresn\u00e9 kolo olympi\u00e1dy v nemeckom jazyku<\/strong><\/p>\n<p>Tohto roku sa na\u0161i \u017eiaci aj\u00a0napriek pand\u00e9mii zapojili\u00a0do olympi\u00e1dy z\u00a0nemeck\u00e9ho jazyka\u00a0a\u00a0v\u00a0ka\u017edej kateg\u00f3rii dosiahli\u00a0<strong><em>\u00fa\u017easn\u00fd \u00faspech<\/em><\/strong>.\u00a0<strong><em>O<\/em><\/strong><strong><em>kresn\u00e9 kolo olympi\u00e1dy v nemeckom jazyku\u00a0<\/em>sa konalo\u00a0<\/strong>d\u0148a 20.01.2021 a prebiehalo online formou. Na\u0161u \u0161kolu reprezentovali \u017eiaci v dvoch kateg\u00f3ri\u00e1ch, pri\u010dom\u00a0v\u0161etci\u00a0boli\u00a0\u00faspe\u0161n\u00fdmi rie\u0161ite\u013emi!\u00a0Umiestnili sa nasledovne:<\/p>\n<p><strong>\u00a0Kateg\u00f3ria\u00a01A: \u00a0<\/strong><\/p>\n<p><strong><em>\u00a0Janka \u013dochov\u00e1, II.OA,\u00a02.miesto<\/em>\u00a0\u00a0<\/strong><\/p>\n<p><strong><em>Amiri Idris, I.OA,\u00a03.miesto \u00a0<\/em><\/strong><\/p>\n<p>Kateg\u00f3ria\u00a01B:<\/p>\n<p><strong><em>Michal Sanislo, III.OA, 1.miesto\u00a0<\/em><\/strong><strong>\u00a0\u00a0<\/strong><\/p>\n<p><strong><em>Alex Albrecht, IV.OA, 6.miesto \u00a0<\/em><\/strong><\/p>\n<p><em><strong>V\u0161etk\u00fdm srde\u010dne blaho\u017eel\u00e1me! Janke, Michalovi, Karin\u00a0<\/strong><\/em><em><strong>(4.OA, kateg\u00f3ria 1C),<\/strong><\/em><em><strong>\u00a0a Martine (1.NB, kateg\u00f3ria 2C)\u00a0 ktor\u00e9 postupuj\u00fa priamo zo \u0161kolsk\u00e9ho kola, dr\u017e\u00edme palce v krajskom kole. Viel Gl<\/strong><\/em><em><strong>\u00fcck<\/strong><\/em><em><strong>!<\/strong><\/em><\/p>\n<p><strong>Olympi\u00e1da nemeck\u00e9ho jazyka &#8211; \u0161kolsk\u00e9 kolo<\/strong><\/p>\n<p>26.a 27.11. sa konalo \u0161kolsk\u00e9 kolo ONJ. Tentokr\u00e1t nie prezen\u010dne, ale online formou. \u017diaci mali za \u00falohu porozumie\u0165 p\u00edsan\u00e9mu textu i hovoren\u00e9mu slovu, vyrie\u0161i\u0165 gramatick\u00fd test, op\u00edsa\u0165 obr\u00e1zok a rozpr\u00e1va\u0165 na ur\u010den\u00e9 t\u00e9my.<\/p>\n<p>V\u00fdsledky:<\/p>\n<p>kateg\u00f3ria 1A (1. \u2013 2. ro\u010d. osemro\u010dn\u00e9ho \u0161t\u00fadia)<\/p>\n<p>1. miesto Janka \u013dochov\u00e1 2.OA<\/p>\n<p>2. miesto Idris Amiri 1.OA<\/p>\n<p>kateg\u00f3ria 1B (3. \u2013 4.. ro\u010d. osemro\u010dn\u00e9ho \u0161t\u00fadia)<\/p>\n<p>1. miesto Michal Sanislo 3.OA<\/p>\n<p>2. miesto Alex Albrecht 4.OA<\/p>\n<p>3. miesto Ter\u00e9zia Bia\u010dkov\u00e1 3.OA<\/p>\n<p>kateg\u00f3ria 1C (\u017eiaci s dlhodob\u00fdm pobytom v nemecky hovoriacej krajine)<\/p>\n<p>1. miesto Karin S\u00e1ra Michalko 4.OA<\/p>\n<p>2. miesto Patrik Michalko 1.OA<\/p>\n<p>kateg\u00f3ria 2A\u2013 (1. \u2013 2.ro\u010d.)<\/p>\n<p>1. miesto Krist\u00edna Charlotte Mazancov\u00e1 1.A<\/p>\n<p>2. miesto Anna Le\u0161kov\u00e1 2.AB<\/p>\n<p>kateg\u00f3ria 2B \u2013 (3. \u2013 4.ro\u010d.)<\/p>\n<p>1. miesto Martin Hurtuk 4.A<\/p>\n<p>2. miesto Diana Vencelov\u00e1 4.AB<\/p>\n<p>3. miesto Timea Beli\u0161ov\u00e1 4.A<\/p>\n<p>kateg\u00f3ria 2C \u2013 ( bilingv\u00e1lne triedy- v\u0161etky ro\u010dn\u00edky)<\/p>\n<p>miesto Martina Papcu\u0148\u00e1rov\u00e1 1.NB<br \/>\nmiesto Alexandra Ba\u010dov\u00e1 2.NB<br \/>\nmiesto Leonard W\u00f6stmann 2.NB<\/p>\n<p>V\u00ed\u0165azom srde\u010dne blaho\u017eel\u00e1me !<\/p>\n<p><strong>Krajsk\u00e9 kolo nemeckej olympi\u00e1dy<\/strong><\/p>\n<p>On: 13. febru\u00e1ra 2020<br \/>\nV r\u00e1mci spolupr\u00e1ce so \u0161kolsk\u00fdm \u00faradom a filozofickou fakultou UPJS sa konalo 11. 2. 2020 krajsk\u00e9 kolo olympi\u00e1dy z nemeck\u00e9ho jazyka pre \u017eiakov z\u00e1kladn\u00fdch a stredn\u00fdch \u0161k\u00f4l.<br \/>\n\u2014 Alexandra BA\u010cOV\u00c1 z 1. NB- triedy n\u00e1s reprezentovla v kateg\u00f3rii 2C a Marek HRABKOVSK\u00dd v kateg\u00f3rii 2B, kde Alexandra dosiahla v svojej kateg\u00f3rii 3. miesto.<br \/>\n\u2014 V kateg\u00f3rii mlad\u0161\u00edch \u017eiakov n\u00e1s \u00faspe\u0161ene reprezentovali \u017eiaci osemro\u010dn\u00e9ho gymn\u00e1zia: Mat\u00fa\u0161 SI\u010c\u00c1K z 2. OA v kateg\u00f3rii 1A a Karin MICHALKOVA z 3. OA v kateg\u00f3rii 1C, pri\u010dom sa Karin MICHALKOVA umiestnila na 1. mieste a vybojovala si tak \u00fa\u010das\u0165 v celoslovenskom kole.<br \/>\nSrde\u010dne blaho\u017eel\u00e1me a \u010fakujeme za \u00faspe\u0161n\u00fa reprezent\u00e1ciu!<\/p>\n","protected":false},"excerpt":{"rendered":"<p>Juvenes Translatores S\u00fa\u0165a\u017e sa konala 2.6.2022, z\u00fa\u010dastnilo sa je 33 \u017eiakov, ktor\u00ed mali prelo\u017ei\u0165 Eur\u00f3pskou \u00faniou zadan\u00fd text &#8220; Es geht nur gemeinsam&#8220; z nemeck\u00e9ho do slovensk\u00e9ho jazyka. S\u00fa\u0165a\u017ee sa z\u00fa\u010dastnili \u017eiaci v\u0161etk\u00fdch bilingv\u00e1lnych tried a bud\u00fa hodnoten\u00ed v dvoch kateg\u00f3ri\u00e1ch: Star\u0161\u00ed \u017eiaci ( tret\u00ed a \u0161tvrt\u00fd ro\u010dn\u00edk) a mlad\u0161\u00ed \u017eiaci ( prv\u00fd a druh\u00fd [&hellip;]<\/p>\n","protected":false},"author":1,"featured_media":0,"parent":0,"menu_order":0,"comment_status":"closed","ping_status":"closed","template":"","meta":{"footnotes":""},"class_list":["post-106","page","type-page","status-publish","hentry"],"_links":{"self":[{"href":"https:\/\/pknej.opatovska.sk\/index.php?rest_route=\/wp\/v2\/pages\/106","targetHints":{"allow":["GET"]}}],"collection":[{"href":"https:\/\/pknej.opatovska.sk\/index.php?rest_route=\/wp\/v2\/pages"}],"about":[{"href":"https:\/\/pknej.opatovska.sk\/index.php?rest_route=\/wp\/v2\/types\/page"}],"author":[{"embeddable":true,"href":"https:\/\/pknej.opatovska.sk\/index.php?rest_route=\/wp\/v2\/users\/1"}],"replies":[{"embeddable":true,"href":"https:\/\/pknej.opatovska.sk\/index.php?rest_route=%2Fwp%2Fv2%2Fcomments&post=106"}],"version-history":[{"count":12,"href":"https:\/\/pknej.opatovska.sk\/index.php?rest_route=\/wp\/v2\/pages\/106\/revisions"}],"predecessor-version":[{"id":533,"href":"https:\/\/pknej.opatovska.sk\/index.php?rest_route=\/wp\/v2\/pages\/106\/revisions\/533"}],"wp:attachment":[{"href":"https:\/\/pknej.opatovska.sk\/index.php?rest_route=%2Fwp%2Fv2%2Fmedia&parent=106"}],"curies":[{"name":"wp","href":"https:\/\/api.w.org\/{rel}","templated":true}]}}